{"id":5821,"date":"2020-12-17T11:10:05","date_gmt":"2020-12-17T10:10:05","guid":{"rendered":"https:\/\/www.calcetinespersonalizados.es\/politica-de-privacitat\/"},"modified":"2020-12-17T11:15:18","modified_gmt":"2020-12-17T10:15:18","slug":"politica-privacitat","status":"publish","type":"page","link":"https:\/\/www.calcetinespersonalizados.es\/ca\/politica-privacitat\/","title":{"rendered":"Pol\u00edtica de Privacitat"},"content":{"rendered":"<p>A trav\u00e9s de la present pol\u00edtica de privacitat Calcelinea SL desitja informar totes les persones que naveguin i accedeixin a la p\u00e0gina web https:\/\/calcetinespersonalizados.es, sobre els tractaments de dades personals realitzats.<\/p>\n<p>L&#8217;acc\u00e9s a la p\u00e0gina web no requereix un registre previ. En tot cas, l&#8217;Usuari amb la seva navegaci\u00f3 accepta \u00edntegrament la present pol\u00edtica de privacitat i pol\u00edtica de cookies.<\/p>\n<p>Abans de l&#8217;enviament de qualsevol sol\u00b7licitud d&#8217;informaci\u00f3 a trav\u00e9s del formulari de contacte d&#8217;aquesta p\u00e0gina web, l&#8217;usuari ha d&#8217;acceptar la pol\u00edtica de privacitat, amb la finalitat de prestar el consentiment expr\u00e9s i informat pel tractament de les dades amb les finalitats indicades.<\/p>\n<p>Calcelinea SL, de conformitat amb el Reglament (UE) 2016\/679, de 27 d&#8217;abril de 2016, relatiu a la protecci\u00f3 de les persones f\u00edsiques pel que fa a el tractament de dades personals ia la lliure circulaci\u00f3 d&#8217;aquestes dades, en qualitat de Responsable de l&#8217;Tractament de les dades personals proporcionades li facilita la seg\u00fcent informaci\u00f3:<\/p>\n<p><strong> Responsable de l&#8217;Tractament: <\/strong><\/p>\n<p>Ra\u00f3 Social: Calcelinea S.L.<br \/>\nNIF: B-62464920<br \/>\nAdre\u00e7a: c \/ Balmes, 30<\/p>\n<p>Correu electr\u00f2nic: info@calcetinespersonalizados.es<\/p>\n<p>Cap de l&#8217;tractament: Tractem les dades i la informaci\u00f3 que ens faciliten les persones interessades amb la finalitat de:<\/p>\n<ol>\n<li>Gestionar l&#8217;\u00fas de les funcionalitats posades a disposici\u00f3 a trav\u00e9s del Lloc Web, entre elles, la resposta a sol\u00b7licituds i \/ o consultes realitzades aix\u00ed com la preparaci\u00f3 de pressupostos.<\/li>\n<li>Mantenir informats als Usuaris de productes i \/ o serveis de Calcelinea S.L, a trav\u00e9s de correu electr\u00f2nic o mitjans de comunicaci\u00f3 electr\u00f2nica equivalents, sempre que l&#8217;Usuari hagi prestat el seu consentiment marcant la casella corresponent.<\/li>\n<\/ol>\n<p><strong> Legitimaci\u00f3 <\/strong>: El tractament d&#8217;aquestes dades est\u00e0 legitimat pel consentiment de l&#8217;interessat i aquest cas per l&#8217;execuci\u00f3 de les obligacions contractuals i \/ o negocials.<\/p>\n<p><strong> Criteris de conservaci\u00f3 de les dades <\/strong>: Les dades no es conservaran m\u00e9s temps de l&#8217;necessari per als quals han estat demanades, excepte que hi hagi una obligaci\u00f3 legal.<\/p>\n<p><strong> Comunicaci\u00f3 de les dades <\/strong>: No es comunicaran a altres tercers, excepte obligaci\u00f3 legal o amb el consentiment expr\u00e9s de l&#8217;interessat.<\/p>\n<p><strong> Transfer\u00e8ncies internacionals de dades <\/strong>: No es realitzen Transfer\u00e8ncies Internacionals de dades a tercers pa\u00efsos fora de la Uni\u00f3 Europea.<\/p>\n<p><strong> Drets que assisteixen a l&#8217;Interessat <\/strong>: L&#8217;interessat t\u00e9 dret a retirar el consentiment en qualsevol moment. Aix\u00ed mateix, l&#8217;informem que podr\u00e0 exercir els seus drets d&#8217;acc\u00e9s, rectificaci\u00f3 i supressi\u00f3 (Dret a l&#8217;oblit), limitaci\u00f3 de les dades, portabilitat de les dades i oposici\u00f3, enviant un escrit a Calcelinea S.L. o correu electr\u00f2nic info@calcetinespersonalizados.es<\/p>\n<p>Aix\u00ed mateix, S&#8217;informa la persona interessada que podr\u00e0 revocar el consentiment de l&#8217;enviament de comunicacions comercials enviant un correu electr\u00f2nic a info@calcetinespersonalizados.es<\/p>\n<p>La persona interessada pot presentar una reclamaci\u00f3 davant l&#8217;autoritat de control en mat\u00e8ria de protecci\u00f3 de dades competent, que actualment \u00e9s l&#8217;Ag\u00e8ncia Espanyola de Protecci\u00f3 de Dades (AEPD), a trav\u00e9s de la seva seu electr\u00f2nica: <a href=\"http:\/\/www.sedeagpd.gob.es\/sede-electronica-web\" target=\" _ blank \" rel=\"noopener noreferrer\"> www.sedeagpd.gob.es\/sede-electronica-web <\/a>, o enviant un escrit a C \/ Jorge Juan n\u00ba6 &#8211; 28001 MADRID.<\/p>\n<p><strong> \u00c9s obligatori proporcionar tota la informaci\u00f3 sol\u00b7licitada en l&#8217;apartat de contacte? <\/strong><\/p>\n<p>Quant als formularis del Lloc Web, l&#8217;Usuari ha d&#8217;emplenar els marcats com a &#8220;requerit&#8221;. No completar les dades personals requerits o fer-ho parcialment pot suposar que Calcelinea S.L. no pugui atendre les seves sol\u00b7licituds i, en conseq\u00fc\u00e8ncia, Calcelinea S.L. quedar\u00e0 exonerada de tota responsabilitat per la no prestaci\u00f3 o la prestaci\u00f3 incompleta dels serveis sol\u00b7licitats.<\/p>\n<p>Les dades personals que l&#8217;Usuari facilita Calcelinea S.L. han de ser actuals perqu\u00e8 la informaci\u00f3 dels registres estigui actualitza i sense errors. L&#8217;Usuari respondr\u00e0 de la veracitat de les dades facilitades.<\/p>\n<p>;<\/p>\n<p><strong> Quines mesures de seguretat t\u00e9 implantada l&#8217;empresa? <\/strong><\/p>\n<p>Calcelinea S.L. informa que el tractament que realitza de dades personals es realitza en tot moment d&#8217;acord amb la normativa aplicable en mat\u00e8ria de protecci\u00f3 de dades i dels serveis de la societat de la informaci\u00f3.<\/p>\n<p>Calcelinea S.L. t\u00e9 implantades les mesures de seguretat d&#8217;\u00edndole t\u00e8cnica i organitzatives necess\u00e0ries que garanteixin la seguretat de les dades de car\u00e0cter personal de l&#8217;Usuari i evitin la seva alteraci\u00f3, p\u00e8rdua, tractament i \/ o acc\u00e9s no autoritzat d&#8217;acord amb l&#8217;estat de la tecnologia, la naturalesa de les dades emmagatzemades i els riscos a qu\u00e8 estan exposats, tant si provenen de l&#8217;acci\u00f3 humana o de l&#8217;medi f\u00edsic o natural, de conformitat amb el que preveu la normativa vigent.<\/p>\n","protected":false},"excerpt":{"rendered":"<p>A trav\u00e9s de la present pol\u00edtica de privacitat Calcelinea SL desitja informar totes les persones que naveguin i accedeixin a la p\u00e0gina web https:\/\/calcetinespersonalizados.es, sobre els tractaments de dades personals realitzats. L&#8217;acc\u00e9s a la p\u00e0gina web no requereix un registre previ. En tot cas, l&#8217;Usuari amb la seva navegaci\u00f3 accepta \u00edntegrament la present pol\u00edtica de..<\/p>\n","protected":false},"author":1,"featured_media":0,"parent":0,"menu_order":0,"comment_status":"closed","ping_status":"closed","template":"","meta":{"_acf_changed":false,"footnotes":""},"class_list":["post-5821","page","type-page","status-publish","hentry"],"acf":[],"yoast_head":"<!-- This site is optimized with the Yoast SEO plugin v27.4 - https:\/\/yoast.com\/product\/yoast-seo-wordpress\/ -->\n<title>Pol\u00edtica de Privacitat - Calcelinea S.L. - Fabricants de Mitjons<\/title>\n<meta name=\"robots\" content=\"index, follow, max-snippet:-1, max-image-preview:large, max-video-preview:-1\" \/>\n<link rel=\"canonical\" href=\"https:\/\/www.calcetinespersonalizados.es\/ca\/politica-privacitat\/\" \/>\n<meta property=\"og:locale\" content=\"ca_ES\" \/>\n<meta property=\"og:type\" content=\"article\" \/>\n<meta property=\"og:title\" content=\"Pol\u00edtica de Privacitat - Calcelinea S.L. - Fabricants de Mitjons\" \/>\n<meta property=\"og:description\" content=\"A trav\u00e9s de la present pol\u00edtica de privacitat Calcelinea SL desitja informar totes les persones que naveguin i accedeixin a la p\u00e0gina web https:\/\/calcetinespersonalizados.es, sobre els tractaments de dades personals realitzats. L&#8217;acc\u00e9s a la p\u00e0gina web no requereix un registre previ. En tot cas, l&#8217;Usuari amb la seva navegaci\u00f3 accepta \u00edntegrament la present pol\u00edtica de..\" \/>\n<meta property=\"og:url\" content=\"https:\/\/www.calcetinespersonalizados.es\/ca\/politica-privacitat\/\" \/>\n<meta property=\"og:site_name\" content=\"Calcelinea S.L. - Fabricants de Mitjons\" \/>\n<meta property=\"article:publisher\" content=\"https:\/\/www.facebook.com\/doremi.doremicalcelinea\" \/>\n<meta property=\"article:modified_time\" content=\"2020-12-17T10:15:18+00:00\" \/>\n<meta name=\"twitter:card\" content=\"summary_large_image\" \/>\n<meta name=\"twitter:label1\" content=\"Temps estimat de lectura\" \/>\n\t<meta name=\"twitter:data1\" content=\"4 minuts\" \/>\n<script type=\"application\/ld+json\" class=\"yoast-schema-graph\">{\"@context\":\"https:\\\/\\\/schema.org\",\"@graph\":[{\"@type\":\"WebPage\",\"@id\":\"https:\\\/\\\/www.calcetinespersonalizados.es\\\/ca\\\/politica-privacitat\\\/\",\"url\":\"https:\\\/\\\/www.calcetinespersonalizados.es\\\/ca\\\/politica-privacitat\\\/\",\"name\":\"Pol\u00edtica de Privacitat - Calcelinea S.L. - Fabricants de Mitjons\",\"isPartOf\":{\"@id\":\"https:\\\/\\\/www.calcetinespersonalizados.es\\\/ca\\\/#website\"},\"datePublished\":\"2020-12-17T10:10:05+00:00\",\"dateModified\":\"2020-12-17T10:15:18+00:00\",\"breadcrumb\":{\"@id\":\"https:\\\/\\\/www.calcetinespersonalizados.es\\\/ca\\\/politica-privacitat\\\/#breadcrumb\"},\"inLanguage\":\"ca\",\"potentialAction\":[{\"@type\":\"ReadAction\",\"target\":[\"https:\\\/\\\/www.calcetinespersonalizados.es\\\/ca\\\/politica-privacitat\\\/\"]}]},{\"@type\":\"BreadcrumbList\",\"@id\":\"https:\\\/\\\/www.calcetinespersonalizados.es\\\/ca\\\/politica-privacitat\\\/#breadcrumb\",\"itemListElement\":[{\"@type\":\"ListItem\",\"position\":1,\"name\":\"Portada\",\"item\":\"https:\\\/\\\/www.calcetinespersonalizados.es\\\/ca\\\/\"},{\"@type\":\"ListItem\",\"position\":2,\"name\":\"Pol\u00edtica de Privacitat\"}]},{\"@type\":\"WebSite\",\"@id\":\"https:\\\/\\\/www.calcetinespersonalizados.es\\\/ca\\\/#website\",\"url\":\"https:\\\/\\\/www.calcetinespersonalizados.es\\\/ca\\\/\",\"name\":\"Calcelinea S.L. - Fabricants de Mitjons\",\"description\":\"Fabricants de Mitjons\",\"publisher\":{\"@id\":\"https:\\\/\\\/www.calcetinespersonalizados.es\\\/ca\\\/#organization\"},\"alternateName\":\"Calcelinea SL\",\"potentialAction\":[{\"@type\":\"SearchAction\",\"target\":{\"@type\":\"EntryPoint\",\"urlTemplate\":\"https:\\\/\\\/www.calcetinespersonalizados.es\\\/ca\\\/?s={search_term_string}\"},\"query-input\":{\"@type\":\"PropertyValueSpecification\",\"valueRequired\":true,\"valueName\":\"search_term_string\"}}],\"inLanguage\":\"ca\"},{\"@type\":\"Organization\",\"@id\":\"https:\\\/\\\/www.calcetinespersonalizados.es\\\/ca\\\/#organization\",\"name\":\"Fabricantes de calcetines personalizados - Calcelinea S.L.\",\"url\":\"https:\\\/\\\/www.calcetinespersonalizados.es\\\/ca\\\/\",\"logo\":{\"@type\":\"ImageObject\",\"inLanguage\":\"ca\",\"@id\":\"https:\\\/\\\/www.calcetinespersonalizados.es\\\/ca\\\/#\\\/schema\\\/logo\\\/image\\\/\",\"url\":\"https:\\\/\\\/www.calcetinespersonalizados.es\\\/wp-content\\\/uploads\\\/2017\\\/12\\\/logo@x2.png\",\"contentUrl\":\"https:\\\/\\\/www.calcetinespersonalizados.es\\\/wp-content\\\/uploads\\\/2017\\\/12\\\/logo@x2.png\",\"width\":264,\"height\":72,\"caption\":\"Fabricantes de calcetines personalizados - Calcelinea S.L.\"},\"image\":{\"@id\":\"https:\\\/\\\/www.calcetinespersonalizados.es\\\/ca\\\/#\\\/schema\\\/logo\\\/image\\\/\"},\"sameAs\":[\"https:\\\/\\\/www.facebook.com\\\/doremi.doremicalcelinea\"]}]}<\/script>\n<!-- \/ Yoast SEO plugin. -->","yoast_head_json":{"title":"Pol\u00edtica de Privacitat - Calcelinea S.L. - Fabricants de Mitjons","robots":{"index":"index","follow":"follow","max-snippet":"max-snippet:-1","max-image-preview":"max-image-preview:large","max-video-preview":"max-video-preview:-1"},"canonical":"https:\/\/www.calcetinespersonalizados.es\/ca\/politica-privacitat\/","og_locale":"ca_ES","og_type":"article","og_title":"Pol\u00edtica de Privacitat - Calcelinea S.L. - Fabricants de Mitjons","og_description":"A trav\u00e9s de la present pol\u00edtica de privacitat Calcelinea SL desitja informar totes les persones que naveguin i accedeixin a la p\u00e0gina web https:\/\/calcetinespersonalizados.es, sobre els tractaments de dades personals realitzats. L&#8217;acc\u00e9s a la p\u00e0gina web no requereix un registre previ. En tot cas, l&#8217;Usuari amb la seva navegaci\u00f3 accepta \u00edntegrament la present pol\u00edtica de..","og_url":"https:\/\/www.calcetinespersonalizados.es\/ca\/politica-privacitat\/","og_site_name":"Calcelinea S.L. - Fabricants de Mitjons","article_publisher":"https:\/\/www.facebook.com\/doremi.doremicalcelinea","article_modified_time":"2020-12-17T10:15:18+00:00","twitter_card":"summary_large_image","twitter_misc":{"Temps estimat de lectura":"4 minuts"},"schema":{"@context":"https:\/\/schema.org","@graph":[{"@type":"WebPage","@id":"https:\/\/www.calcetinespersonalizados.es\/ca\/politica-privacitat\/","url":"https:\/\/www.calcetinespersonalizados.es\/ca\/politica-privacitat\/","name":"Pol\u00edtica de Privacitat - Calcelinea S.L. - Fabricants de Mitjons","isPartOf":{"@id":"https:\/\/www.calcetinespersonalizados.es\/ca\/#website"},"datePublished":"2020-12-17T10:10:05+00:00","dateModified":"2020-12-17T10:15:18+00:00","breadcrumb":{"@id":"https:\/\/www.calcetinespersonalizados.es\/ca\/politica-privacitat\/#breadcrumb"},"inLanguage":"ca","potentialAction":[{"@type":"ReadAction","target":["https:\/\/www.calcetinespersonalizados.es\/ca\/politica-privacitat\/"]}]},{"@type":"BreadcrumbList","@id":"https:\/\/www.calcetinespersonalizados.es\/ca\/politica-privacitat\/#breadcrumb","itemListElement":[{"@type":"ListItem","position":1,"name":"Portada","item":"https:\/\/www.calcetinespersonalizados.es\/ca\/"},{"@type":"ListItem","position":2,"name":"Pol\u00edtica de Privacitat"}]},{"@type":"WebSite","@id":"https:\/\/www.calcetinespersonalizados.es\/ca\/#website","url":"https:\/\/www.calcetinespersonalizados.es\/ca\/","name":"Calcelinea S.L. - Fabricants de Mitjons","description":"Fabricants de Mitjons","publisher":{"@id":"https:\/\/www.calcetinespersonalizados.es\/ca\/#organization"},"alternateName":"Calcelinea SL","potentialAction":[{"@type":"SearchAction","target":{"@type":"EntryPoint","urlTemplate":"https:\/\/www.calcetinespersonalizados.es\/ca\/?s={search_term_string}"},"query-input":{"@type":"PropertyValueSpecification","valueRequired":true,"valueName":"search_term_string"}}],"inLanguage":"ca"},{"@type":"Organization","@id":"https:\/\/www.calcetinespersonalizados.es\/ca\/#organization","name":"Fabricantes de calcetines personalizados - Calcelinea S.L.","url":"https:\/\/www.calcetinespersonalizados.es\/ca\/","logo":{"@type":"ImageObject","inLanguage":"ca","@id":"https:\/\/www.calcetinespersonalizados.es\/ca\/#\/schema\/logo\/image\/","url":"https:\/\/www.calcetinespersonalizados.es\/wp-content\/uploads\/2017\/12\/logo@x2.png","contentUrl":"https:\/\/www.calcetinespersonalizados.es\/wp-content\/uploads\/2017\/12\/logo@x2.png","width":264,"height":72,"caption":"Fabricantes de calcetines personalizados - Calcelinea S.L."},"image":{"@id":"https:\/\/www.calcetinespersonalizados.es\/ca\/#\/schema\/logo\/image\/"},"sameAs":["https:\/\/www.facebook.com\/doremi.doremicalcelinea"]}]}},"_links":{"self":[{"href":"https:\/\/www.calcetinespersonalizados.es\/ca\/wp-json\/wp\/v2\/pages\/5821","targetHints":{"allow":["GET"]}}],"collection":[{"href":"https:\/\/www.calcetinespersonalizados.es\/ca\/wp-json\/wp\/v2\/pages"}],"about":[{"href":"https:\/\/www.calcetinespersonalizados.es\/ca\/wp-json\/wp\/v2\/types\/page"}],"author":[{"embeddable":true,"href":"https:\/\/www.calcetinespersonalizados.es\/ca\/wp-json\/wp\/v2\/users\/1"}],"replies":[{"embeddable":true,"href":"https:\/\/www.calcetinespersonalizados.es\/ca\/wp-json\/wp\/v2\/comments?post=5821"}],"version-history":[{"count":4,"href":"https:\/\/www.calcetinespersonalizados.es\/ca\/wp-json\/wp\/v2\/pages\/5821\/revisions"}],"predecessor-version":[{"id":5825,"href":"https:\/\/www.calcetinespersonalizados.es\/ca\/wp-json\/wp\/v2\/pages\/5821\/revisions\/5825"}],"wp:attachment":[{"href":"https:\/\/www.calcetinespersonalizados.es\/ca\/wp-json\/wp\/v2\/media?parent=5821"}],"curies":[{"name":"wp","href":"https:\/\/api.w.org\/{rel}","templated":true}]}}